{"id":1975,"date":"2023-08-28T17:30:50","date_gmt":"2023-08-28T15:30:50","guid":{"rendered":"https:\/\/www.biosferaeduca.com\/?page_id=1975"},"modified":"2024-11-14T00:07:45","modified_gmt":"2024-11-13T22:07:45","slug":"conservacion-e-investigacion","status":"publish","type":"page","link":"https:\/\/www.biosferaeduca.com\/es\/conservacion-e-investigacion\/","title":{"rendered":"Conservaci\u00f3n e Investigaci\u00f3n"},"content":{"rendered":"<p><div class=\"fusion-fullwidth fullwidth-box fusion-builder-row-1 fusion-flex-container has-pattern-background has-mask-background nonhundred-percent-fullwidth non-hundred-percent-height-scrolling\" style=\"--awb-border-radius-top-left:0px;--awb-border-radius-top-right:0px;--awb-border-radius-bottom-right:0px;--awb-border-radius-bottom-left:0px;--awb-flex-wrap:wrap;\" ><div class=\"fusion-builder-row fusion-row fusion-flex-align-items-flex-start fusion-flex-content-wrap\" style=\"max-width:1248px;margin-left: calc(-4% \/ 2 );margin-right: calc(-4% \/ 2 );\"><div class=\"fusion-layout-column fusion_builder_column fusion-builder-column-0 fusion_builder_column_1_1 1_1 fusion-flex-column\" style=\"--awb-bg-size:cover;--awb-width-large:100%;--awb-margin-top-large:0px;--awb-spacing-right-large:1.92%;--awb-margin-bottom-large:20px;--awb-spacing-left-large:1.92%;--awb-width-medium:100%;--awb-order-medium:0;--awb-spacing-right-medium:1.92%;--awb-spacing-left-medium:1.92%;--awb-width-small:100%;--awb-order-small:0;--awb-spacing-right-small:1.92%;--awb-spacing-left-small:1.92%;\"><div class=\"fusion-column-wrapper fusion-column-has-shadow fusion-flex-justify-content-flex-start fusion-content-layout-column\"><div class=\"fusion-title title fusion-title-1 fusion-sep-none fusion-title-text fusion-title-size-one\"><h1 class=\"fusion-title-heading title-heading-left fusion-responsive-typography-calculated\" style=\"margin:0;--fontSize:64;line-height:var(--awb-typography1-line-height);\"><p style=\"text-align: center;\">Conservaci\u00f3n e Investigaci\u00f3n<\/p><\/h1><\/div><div class=\"fusion-text fusion-text-1\"><p>Uno de los objetivos principales de BIOSFERA es contribuir activamente en la conservaci\u00f3n de los ecosistemas terrestres y marinos mediante la investigaci\u00f3n cient\u00edfica para su protecci\u00f3n y restauraci\u00f3n. Esta tarea, que desarrollamos en colaboraci\u00f3n con instituciones p\u00fablicas y empresas privadas del territorio catal\u00e1n y tambi\u00e9n de otros pa\u00edses del mundo, tiene el objetivo primordial de frenar la regresi\u00f3n de las especies, aportando herramientas innovadoras de restauraci\u00f3n de ecosistemas que difundimos a nivel nacional e internacional.<\/p>\n<p>Nuestras l\u00edneas de investigaci\u00f3n para la gesti\u00f3n de los ecosistemas giran alrededor de la regresi\u00f3n de los h\u00e1bitats naturales y los seres vivos que habitan en ellos debido a las acciones humanas, como el cambio clim\u00e1tico y las especies ex\u00f3ticas invasoras.<\/p>\n<p>A fecho de hoy, BIOSFERA ha realizado diversos proyectos cient\u00edficos orientados a la recuperaci\u00f3n de los ecosistemas terrestres y marinos. Adem\u00e1s, tambi\u00e9n realiza informes cientifico-tecnicos y tareas de consultor\u00eda ambiental, a nivel nacional e internacional.<\/p>\n<\/div><\/div><\/div><\/div><\/div><div class=\"fusion-fullwidth fullwidth-box fusion-builder-row-2 fusion-flex-container has-pattern-background has-mask-background nonhundred-percent-fullwidth non-hundred-percent-height-scrolling\" style=\"--awb-border-radius-top-left:0px;--awb-border-radius-top-right:0px;--awb-border-radius-bottom-right:0px;--awb-border-radius-bottom-left:0px;--awb-margin-top:30px;--awb-flex-wrap:wrap;\" ><div class=\"fusion-builder-row fusion-row fusion-flex-align-items-flex-start fusion-flex-content-wrap\" style=\"max-width:1248px;margin-left: calc(-4% \/ 2 );margin-right: calc(-4% \/ 2 );\"><div class=\"fusion-layout-column fusion_builder_column fusion-builder-column-1 fusion_builder_column_1_1 1_1 fusion-flex-column\" style=\"--awb-bg-color:rgba(255,255,255,0);--awb-bg-color-hover:rgba(255,255,255,0);--awb-bg-size:cover;--awb-width-large:100%;--awb-margin-top-large:0px;--awb-spacing-right-large:1.92%;--awb-margin-bottom-large:20px;--awb-spacing-left-large:1.92%;--awb-width-medium:100%;--awb-order-medium:0;--awb-spacing-right-medium:1.92%;--awb-spacing-left-medium:1.92%;--awb-width-small:100%;--awb-order-small:0;--awb-spacing-right-small:1.92%;--awb-spacing-left-small:1.92%;\" data-motion-effects=\"[{&quot;type&quot;:&quot;&quot;,&quot;scroll_type&quot;:&quot;transition&quot;,&quot;scroll_direction&quot;:&quot;up&quot;,&quot;transition_speed&quot;:&quot;1&quot;,&quot;fade_type&quot;:&quot;in&quot;,&quot;scale_type&quot;:&quot;up&quot;,&quot;initial_scale&quot;:&quot;1&quot;,&quot;max_scale&quot;:&quot;1.5&quot;,&quot;min_scale&quot;:&quot;0.5&quot;,&quot;initial_rotate&quot;:&quot;0&quot;,&quot;end_rotate&quot;:&quot;30&quot;,&quot;initial_blur&quot;:&quot;0&quot;,&quot;end_blur&quot;:&quot;3&quot;,&quot;start_element&quot;:&quot;top&quot;,&quot;start_viewport&quot;:&quot;bottom&quot;,&quot;end_element&quot;:&quot;bottom&quot;,&quot;end_viewport&quot;:&quot;top&quot;,&quot;mouse_effect&quot;:&quot;track&quot;,&quot;mouse_effect_direction&quot;:&quot;opposite&quot;,&quot;mouse_effect_speed&quot;:&quot;2&quot;,&quot;infinite_animation&quot;:&quot;float&quot;,&quot;infinite_animation_speed&quot;:&quot;2&quot;}]\" data-scroll-devices=\"small-visibility,medium-visibility,large-visibility\"><div class=\"fusion-column-wrapper fusion-column-has-shadow fusion-flex-justify-content-flex-start fusion-content-layout-column\"><div class=\"fusion-title title fusion-title-2 fusion-sep-none fusion-title-text fusion-title-size-two\" style=\"--awb-text-color:var(--awb-color4);\"><h2 class=\"fusion-title-heading title-heading-left fusion-responsive-typography-calculated\" style=\"margin:0;--fontSize:30;line-height:var(--awb-typography1-line-height);\"><p style=\"text-align: center;\">PROYECTOS<\/p><\/h2><\/div><\/div><\/div><div class=\"fusion-layout-column fusion_builder_column fusion-builder-column-2 fusion_builder_column_1_2 1_2 fusion-flex-column\" style=\"--awb-bg-size:cover;--awb-width-large:50%;--awb-margin-top-large:0px;--awb-spacing-right-large:3.84%;--awb-margin-bottom-large:20px;--awb-spacing-left-large:3.84%;--awb-width-medium:50%;--awb-order-medium:0;--awb-spacing-right-medium:3.84%;--awb-spacing-left-medium:3.84%;--awb-width-small:100%;--awb-order-small:0;--awb-spacing-right-small:1.92%;--awb-spacing-left-small:1.92%;\"><div class=\"fusion-column-wrapper fusion-column-has-shadow fusion-flex-justify-content-flex-start fusion-content-layout-column\"><div class=\"fusion-title title fusion-title-3 fusion-sep-none fusion-title-text fusion-title-size-four\"><h4 class=\"fusion-title-heading title-heading-left fusion-responsive-typography-calculated\" style=\"margin:0;--fontSize:24;line-height:var(--awb-typography1-line-height);\"><p style=\"text-align: center;\">EXOGARRAF<\/p><\/h4><\/div><div class=\"fusion-image-element \" style=\"text-align:left;--awb-caption-title-font-family:var(--h2_typography-font-family);--awb-caption-title-font-weight:var(--h2_typography-font-weight);--awb-caption-title-font-style:var(--h2_typography-font-style);--awb-caption-title-size:var(--h2_typography-font-size);--awb-caption-title-transform:var(--h2_typography-text-transform);--awb-caption-title-line-height:var(--h2_typography-line-height);--awb-caption-title-letter-spacing:var(--h2_typography-letter-spacing);\"><span class=\" fusion-imageframe imageframe-none imageframe-1 hover-type-none\" style=\"border-radius:10px;\"><img decoding=\"async\" width=\"1000\" height=\"563\" title=\"FotoExogarrag\" src=\"https:\/\/www.biosferaeduca.com\/wp-content\/uploads\/2023\/10\/FotoExogarrag.jpg\" alt class=\"img-responsive wp-image-1950\" srcset=\"https:\/\/www.biosferaeduca.com\/wp-content\/uploads\/2023\/10\/FotoExogarrag-200x113.jpg 200w, https:\/\/www.biosferaeduca.com\/wp-content\/uploads\/2023\/10\/FotoExogarrag-400x225.jpg 400w, https:\/\/www.biosferaeduca.com\/wp-content\/uploads\/2023\/10\/FotoExogarrag-600x338.jpg 600w, https:\/\/www.biosferaeduca.com\/wp-content\/uploads\/2023\/10\/FotoExogarrag-800x450.jpg 800w, https:\/\/www.biosferaeduca.com\/wp-content\/uploads\/2023\/10\/FotoExogarrag.jpg 1000w\" sizes=\"(max-width: 640px) 100vw, 600px\" \/><\/span><\/div><div class=\"fusion-text fusion-text-2\"><p>SENSIBILIZACI\u00d3N AMBIENTAL Y ERRADICACI\u00d3N DE PLANTAS EX\u00d3TICAS INVASORAS PARA LA CONSERVACI\u00d3N DE LOS ESPACIOS NATURALES DE LA COSTA DEL GARRAF<\/p>\n<p><em>Con el apoyo de:<\/em>\u00a0CaixaBank<\/p>\n<p><a href=\"https:\/\/biosferaeduca.com\/exogarraf\/\" target=\"_blank\" rel=\"noopener\">P\u00e1gina web del proyecto<\/a><\/p>\n<\/div><\/div><\/div><div class=\"fusion-layout-column fusion_builder_column fusion-builder-column-3 fusion_builder_column_1_2 1_2 fusion-flex-column\" style=\"--awb-bg-size:cover;--awb-width-large:50%;--awb-margin-top-large:0px;--awb-spacing-right-large:3.84%;--awb-margin-bottom-large:20px;--awb-spacing-left-large:3.84%;--awb-width-medium:50%;--awb-order-medium:0;--awb-spacing-right-medium:3.84%;--awb-spacing-left-medium:3.84%;--awb-width-small:100%;--awb-order-small:0;--awb-spacing-right-small:1.92%;--awb-spacing-left-small:1.92%;\"><div class=\"fusion-column-wrapper fusion-column-has-shadow fusion-flex-justify-content-flex-start fusion-content-layout-column\"><div class=\"fusion-title title fusion-title-4 fusion-sep-none fusion-title-text fusion-title-size-four\"><h4 class=\"fusion-title-heading title-heading-left fusion-responsive-typography-calculated\" style=\"margin:0;--fontSize:24;line-height:var(--awb-typography1-line-height);\"><p style=\"text-align: center;\">POSIDONIA<\/p><\/h4><\/div><div class=\"fusion-image-element \" style=\"text-align:left;--awb-caption-title-font-family:var(--h2_typography-font-family);--awb-caption-title-font-weight:var(--h2_typography-font-weight);--awb-caption-title-font-style:var(--h2_typography-font-style);--awb-caption-title-size:var(--h2_typography-font-size);--awb-caption-title-transform:var(--h2_typography-text-transform);--awb-caption-title-line-height:var(--h2_typography-line-height);--awb-caption-title-letter-spacing:var(--h2_typography-letter-spacing);\"><span class=\" fusion-imageframe imageframe-none imageframe-2 hover-type-none\" style=\"border-radius:10px;\"><img decoding=\"async\" width=\"1000\" height=\"563\" title=\"FotoPosidonia\" src=\"https:\/\/www.biosferaeduca.com\/wp-content\/uploads\/2023\/10\/FotoPosidonia.jpg\" alt class=\"img-responsive wp-image-1940\" srcset=\"https:\/\/www.biosferaeduca.com\/wp-content\/uploads\/2023\/10\/FotoPosidonia-200x113.jpg 200w, https:\/\/www.biosferaeduca.com\/wp-content\/uploads\/2023\/10\/FotoPosidonia-400x225.jpg 400w, https:\/\/www.biosferaeduca.com\/wp-content\/uploads\/2023\/10\/FotoPosidonia-600x338.jpg 600w, https:\/\/www.biosferaeduca.com\/wp-content\/uploads\/2023\/10\/FotoPosidonia-800x450.jpg 800w, https:\/\/www.biosferaeduca.com\/wp-content\/uploads\/2023\/10\/FotoPosidonia.jpg 1000w\" sizes=\"(max-width: 640px) 100vw, 600px\" \/><\/span><\/div><div class=\"fusion-text fusion-text-3\"><p>SEGUIMIENTO DEL INDICADOR BIOL\u00d3GICO POSIDONIA OCEANICA (\u00cdNDICE POMI, FANER\u00d3GAMAS MARINAS), DE LA DIRECTIVA MARCO DEL AGUA (2000\/60\/CE), EN LAS AGUAS COSTERAS DE CATALU\u00d1A<\/p>\n<p><em>Promotores:<\/em> Ag\u00e8ncia Catalana de l\u2019Aigua (ACA). Generalitat de Catalunya. Departament d\u2019Acci\u00f3 Clim\u00e0tica, Alimentaci\u00f3 i Agenda Rural.<\/p>\n<p><em>Colaboradores:<\/em> Centre d\u2019Estudis Avan\u00e7ats de Blanes-Consejo Superior de Investigaciones Cient\u00edficas (CEAB-CSIC).<\/p>\n<\/div><\/div><\/div><div class=\"fusion-layout-column fusion_builder_column fusion-builder-column-4 fusion_builder_column_1_2 1_2 fusion-flex-column\" style=\"--awb-bg-size:cover;--awb-width-large:50%;--awb-margin-top-large:0px;--awb-spacing-right-large:3.84%;--awb-margin-bottom-large:20px;--awb-spacing-left-large:3.84%;--awb-width-medium:50%;--awb-order-medium:0;--awb-spacing-right-medium:3.84%;--awb-spacing-left-medium:3.84%;--awb-width-small:100%;--awb-order-small:0;--awb-spacing-right-small:1.92%;--awb-spacing-left-small:1.92%;\"><div class=\"fusion-column-wrapper fusion-column-has-shadow fusion-flex-justify-content-flex-start fusion-content-layout-column\"><div class=\"fusion-title title fusion-title-5 fusion-sep-none fusion-title-text fusion-title-size-four\"><h4 class=\"fusion-title-heading title-heading-left fusion-responsive-typography-calculated\" style=\"margin:0;--fontSize:24;line-height:var(--awb-typography1-line-height);\"><p style=\"text-align: center;\">INVACAT2.0<\/p><\/h4><\/div><div class=\"fusion-image-element \" style=\"text-align:left;--awb-caption-title-font-family:var(--h2_typography-font-family);--awb-caption-title-font-weight:var(--h2_typography-font-weight);--awb-caption-title-font-style:var(--h2_typography-font-style);--awb-caption-title-size:var(--h2_typography-font-size);--awb-caption-title-transform:var(--h2_typography-text-transform);--awb-caption-title-line-height:var(--h2_typography-line-height);--awb-caption-title-letter-spacing:var(--h2_typography-letter-spacing);\"><span class=\" fusion-imageframe imageframe-none imageframe-3 hover-type-none\" style=\"border-radius:10px;\"><img decoding=\"async\" width=\"1000\" height=\"563\" title=\"FotoINVACAT2.0\" src=\"https:\/\/www.biosferaeduca.com\/wp-content\/uploads\/2023\/10\/FotoINVACAT2.0.jpg\" alt class=\"img-responsive wp-image-1946\" srcset=\"https:\/\/www.biosferaeduca.com\/wp-content\/uploads\/2023\/10\/FotoINVACAT2.0-200x113.jpg 200w, https:\/\/www.biosferaeduca.com\/wp-content\/uploads\/2023\/10\/FotoINVACAT2.0-400x225.jpg 400w, https:\/\/www.biosferaeduca.com\/wp-content\/uploads\/2023\/10\/FotoINVACAT2.0-600x338.jpg 600w, https:\/\/www.biosferaeduca.com\/wp-content\/uploads\/2023\/10\/FotoINVACAT2.0-800x450.jpg 800w, https:\/\/www.biosferaeduca.com\/wp-content\/uploads\/2023\/10\/FotoINVACAT2.0.jpg 1000w\" sizes=\"(max-width: 640px) 100vw, 600px\" \/><\/span><\/div><div class=\"fusion-text fusion-text-4\"><p>LAS ESPECIES EX\u00d3TICAS INVASORAS EN LOS ECOSISTEMAS NATURALES DE CATALU\u00d1A: SENSIBILIZACI\u00d3N AMBIENTAL Y CAMPA\u00d1AS DE ERRADICACI\u00d3N<\/p>\n<p><em>Con el apoyo de:<\/em> Departament d\u2019Acci\u00f3 Clim\u00e0tica, Alimentaci\u00f3 i Agenda Rural, Generalitat de Catalunya.<\/p>\n<p><em>Colaboradores:<\/em> Parc Natural de Cap de Creus, Ajuntament de Cadaqu\u00e9s i Ajuntament del Port de la Selva.<\/p>\n<p><a href=\"https:\/\/biosferaeduca.com\/invacat20\/\" target=\"_blank\" rel=\"noopener\">P\u00e1gina web del proyecto<\/a><\/p>\n<\/div><\/div><\/div><div class=\"fusion-layout-column fusion_builder_column fusion-builder-column-5 fusion_builder_column_1_2 1_2 fusion-flex-column\" style=\"--awb-bg-size:cover;--awb-width-large:50%;--awb-margin-top-large:0px;--awb-spacing-right-large:3.84%;--awb-margin-bottom-large:20px;--awb-spacing-left-large:3.84%;--awb-width-medium:50%;--awb-order-medium:0;--awb-spacing-right-medium:3.84%;--awb-spacing-left-medium:3.84%;--awb-width-small:100%;--awb-order-small:0;--awb-spacing-right-small:1.92%;--awb-spacing-left-small:1.92%;\"><div class=\"fusion-column-wrapper fusion-column-has-shadow fusion-flex-justify-content-flex-start fusion-content-layout-column\"><div class=\"fusion-title title fusion-title-6 fusion-sep-none fusion-title-text fusion-title-size-four\"><h4 class=\"fusion-title-heading title-heading-left fusion-responsive-typography-calculated\" style=\"margin:0;--fontSize:24;line-height:var(--awb-typography1-line-height);\"><p style=\"text-align: center;\">PODAGORG<\/p><\/h4><\/div><div class=\"fusion-image-element \" style=\"text-align:left;--awb-caption-title-font-family:var(--h2_typography-font-family);--awb-caption-title-font-weight:var(--h2_typography-font-weight);--awb-caption-title-font-style:var(--h2_typography-font-style);--awb-caption-title-size:var(--h2_typography-font-size);--awb-caption-title-transform:var(--h2_typography-text-transform);--awb-caption-title-line-height:var(--h2_typography-line-height);--awb-caption-title-letter-spacing:var(--h2_typography-letter-spacing);\"><span class=\" fusion-imageframe imageframe-none imageframe-4 hover-type-none\" style=\"border-radius:10px;\"><img decoding=\"async\" width=\"1000\" height=\"563\" title=\"FotoPodagorg_h\" src=\"https:\/\/www.biosferaeduca.com\/wp-content\/uploads\/2023\/10\/FotoPodagorg_h.jpg\" alt class=\"img-responsive wp-image-1942\" srcset=\"https:\/\/www.biosferaeduca.com\/wp-content\/uploads\/2023\/10\/FotoPodagorg_h-200x113.jpg 200w, https:\/\/www.biosferaeduca.com\/wp-content\/uploads\/2023\/10\/FotoPodagorg_h-400x225.jpg 400w, https:\/\/www.biosferaeduca.com\/wp-content\/uploads\/2023\/10\/FotoPodagorg_h-600x338.jpg 600w, https:\/\/www.biosferaeduca.com\/wp-content\/uploads\/2023\/10\/FotoPodagorg_h-800x450.jpg 800w, https:\/\/www.biosferaeduca.com\/wp-content\/uploads\/2023\/10\/FotoPodagorg_h.jpg 1000w\" sizes=\"(max-width: 640px) 100vw, 600px\" \/><\/span><\/div><div class=\"fusion-text fusion-text-5\"><p>CONSERVACI\u00d3N DE LOS BOSQUES DE GORGONIAS FRENTE AL CAMBIO CLIM\u00c1TICO: LA PODA DE LAS RAMAS MUERTAS COMO HERRAMIENTA DE GESTI\u00d3N<\/p>\n<p><em>Con el apoyo de:<\/em> Fundaci\u00f3n Biodiverdidad, Ministerio para la Transici\u00f3n Ecol\u00f2gica y el Reto Demogr\u00e0fico, Gobierno de Espa\u00f1a.<\/p>\n<p><em>Colaboradores:<\/em> Parc Natural de Cap de Creus i Ajuntament de Cadaqu\u00e9s.<\/p>\n<p><a href=\"https:\/\/biosferaeduca.com\/podagorg\/\" target=\"_blank\" rel=\"noopener\">P\u00e1gina web del proyecto<\/a><\/p>\n<\/div><\/div><\/div><div class=\"fusion-layout-column fusion_builder_column fusion-builder-column-6 fusion_builder_column_1_2 1_2 fusion-flex-column\" style=\"--awb-bg-size:cover;--awb-width-large:50%;--awb-margin-top-large:0px;--awb-spacing-right-large:3.84%;--awb-margin-bottom-large:20px;--awb-spacing-left-large:3.84%;--awb-width-medium:50%;--awb-order-medium:0;--awb-spacing-right-medium:3.84%;--awb-spacing-left-medium:3.84%;--awb-width-small:100%;--awb-order-small:0;--awb-spacing-right-small:1.92%;--awb-spacing-left-small:1.92%;\"><div class=\"fusion-column-wrapper fusion-column-has-shadow fusion-flex-justify-content-flex-start fusion-content-layout-column\"><div class=\"fusion-title title fusion-title-7 fusion-sep-none fusion-title-text fusion-title-size-four\"><h4 class=\"fusion-title-heading title-heading-left fusion-responsive-typography-calculated\" style=\"margin:0;--fontSize:24;line-height:var(--awb-typography1-line-height);\"><p style=\"text-align: center;\">GRAM<\/p><\/h4><\/div><div class=\"fusion-image-element \" style=\"text-align:left;--awb-caption-title-font-family:var(--h2_typography-font-family);--awb-caption-title-font-weight:var(--h2_typography-font-weight);--awb-caption-title-font-style:var(--h2_typography-font-style);--awb-caption-title-size:var(--h2_typography-font-size);--awb-caption-title-transform:var(--h2_typography-text-transform);--awb-caption-title-line-height:var(--h2_typography-line-height);--awb-caption-title-letter-spacing:var(--h2_typography-letter-spacing);\"><span class=\" fusion-imageframe imageframe-none imageframe-5 hover-type-none\" style=\"border-radius:10px;\"><img decoding=\"async\" width=\"1000\" height=\"563\" title=\"FotoGram\" src=\"https:\/\/www.biosferaeduca.com\/wp-content\/uploads\/2023\/10\/FotoGram.jpeg\" alt class=\"img-responsive wp-image-1948\" srcset=\"https:\/\/www.biosferaeduca.com\/wp-content\/uploads\/2023\/10\/FotoGram-200x113.jpeg 200w, https:\/\/www.biosferaeduca.com\/wp-content\/uploads\/2023\/10\/FotoGram-400x225.jpeg 400w, https:\/\/www.biosferaeduca.com\/wp-content\/uploads\/2023\/10\/FotoGram-600x338.jpeg 600w, https:\/\/www.biosferaeduca.com\/wp-content\/uploads\/2023\/10\/FotoGram-800x450.jpeg 800w, https:\/\/www.biosferaeduca.com\/wp-content\/uploads\/2023\/10\/FotoGram.jpeg 1000w\" sizes=\"(max-width: 640px) 100vw, 600px\" \/><\/span><\/div><div class=\"fusion-text fusion-text-6\"><p>BENEFICIOS ECOL\u00d3GICOS Y ECON\u00d3MICOS ASOCIADOS A LAS PRADERAS DE CYMODOCEA NODOSA EN LA BAH\u00cdA DE ROSES<\/p>\n<p><em>Proyecto becado por:<\/em> Alive Fundaci\u00f3.<\/p>\n<p><a href=\"https:\/\/alivefund.org\/projectes\/beca-de-recerca-gram\/convocatoria-2021\/\" target=\"_blank\" rel=\"noopener\">P\u00e1gina web del proyecto<\/a><\/p>\n<\/div><\/div><\/div><div class=\"fusion-layout-column fusion_builder_column fusion-builder-column-7 fusion_builder_column_1_2 1_2 fusion-flex-column\" style=\"--awb-bg-size:cover;--awb-width-large:50%;--awb-margin-top-large:0px;--awb-spacing-right-large:3.84%;--awb-margin-bottom-large:20px;--awb-spacing-left-large:3.84%;--awb-width-medium:50%;--awb-order-medium:0;--awb-spacing-right-medium:3.84%;--awb-spacing-left-medium:3.84%;--awb-width-small:100%;--awb-order-small:0;--awb-spacing-right-small:1.92%;--awb-spacing-left-small:1.92%;\"><div class=\"fusion-column-wrapper fusion-column-has-shadow fusion-flex-justify-content-flex-start fusion-content-layout-column\"><div class=\"fusion-title title fusion-title-8 fusion-sep-none fusion-title-text fusion-title-size-four\"><h4 class=\"fusion-title-heading title-heading-left fusion-responsive-typography-calculated\" style=\"margin:0;--fontSize:24;line-height:var(--awb-typography1-line-height);\"><p style=\"text-align: center;\">BLUESEEDS<\/p><\/h4><\/div><div class=\"fusion-image-element \" style=\"text-align:left;--awb-caption-title-font-family:var(--h2_typography-font-family);--awb-caption-title-font-weight:var(--h2_typography-font-weight);--awb-caption-title-font-style:var(--h2_typography-font-style);--awb-caption-title-size:var(--h2_typography-font-size);--awb-caption-title-transform:var(--h2_typography-text-transform);--awb-caption-title-line-height:var(--h2_typography-line-height);--awb-caption-title-letter-spacing:var(--h2_typography-letter-spacing);\"><span class=\" fusion-imageframe imageframe-none imageframe-6 hover-type-none\" style=\"border-radius:10px;\"><img decoding=\"async\" width=\"1000\" height=\"563\" title=\"FotoBlueseeds\" src=\"https:\/\/www.biosferaeduca.com\/wp-content\/uploads\/2023\/10\/FotoBlueseeds.jpg\" alt class=\"img-responsive wp-image-1960\" srcset=\"https:\/\/www.biosferaeduca.com\/wp-content\/uploads\/2023\/10\/FotoBlueseeds-200x113.jpg 200w, https:\/\/www.biosferaeduca.com\/wp-content\/uploads\/2023\/10\/FotoBlueseeds-400x225.jpg 400w, https:\/\/www.biosferaeduca.com\/wp-content\/uploads\/2023\/10\/FotoBlueseeds-600x338.jpg 600w, https:\/\/www.biosferaeduca.com\/wp-content\/uploads\/2023\/10\/FotoBlueseeds-800x450.jpg 800w, https:\/\/www.biosferaeduca.com\/wp-content\/uploads\/2023\/10\/FotoBlueseeds.jpg 1000w\" sizes=\"(max-width: 640px) 100vw, 600px\" \/><\/span><\/div><div class=\"fusion-text fusion-text-7\"><p>DESARROLLO DE UN \u201cMECANISMO DE FINANCIACI\u00d3N DEL CARBONO AZUL DE DEGRADACI\u00d3N EVITADA\u201d MEDIANTE LA INSTALACI\u00d3N DE ECO-AMARRE EN UNA PRADERA DE POSIDONIA OCEANICA<\/p>\n<p><em>Promotor:<\/em> BlueSeeds.<\/p>\n<\/div><\/div><\/div><div class=\"fusion-layout-column fusion_builder_column fusion-builder-column-8 fusion_builder_column_1_2 1_2 fusion-flex-column\" style=\"--awb-bg-size:cover;--awb-width-large:50%;--awb-margin-top-large:0px;--awb-spacing-right-large:3.84%;--awb-margin-bottom-large:20px;--awb-spacing-left-large:3.84%;--awb-width-medium:50%;--awb-order-medium:0;--awb-spacing-right-medium:3.84%;--awb-spacing-left-medium:3.84%;--awb-width-small:100%;--awb-order-small:0;--awb-spacing-right-small:1.92%;--awb-spacing-left-small:1.92%;\"><div class=\"fusion-column-wrapper fusion-column-has-shadow fusion-flex-justify-content-flex-start fusion-content-layout-column\"><div class=\"fusion-title title fusion-title-9 fusion-sep-none fusion-title-text fusion-title-size-four\"><h4 class=\"fusion-title-heading title-heading-left fusion-responsive-typography-calculated\" style=\"margin:0;--fontSize:24;line-height:var(--awb-typography1-line-height);\"><p style=\"text-align: center;\">INVACAT<\/p><\/h4><\/div><div class=\"fusion-image-element \" style=\"text-align:left;--awb-caption-title-font-family:var(--h2_typography-font-family);--awb-caption-title-font-weight:var(--h2_typography-font-weight);--awb-caption-title-font-style:var(--h2_typography-font-style);--awb-caption-title-size:var(--h2_typography-font-size);--awb-caption-title-transform:var(--h2_typography-text-transform);--awb-caption-title-line-height:var(--h2_typography-line-height);--awb-caption-title-letter-spacing:var(--h2_typography-letter-spacing);\"><span class=\" fusion-imageframe imageframe-none imageframe-7 hover-type-none\" style=\"border-radius:10px;\"><img decoding=\"async\" width=\"1000\" height=\"563\" title=\"FotoINVACAT\" src=\"https:\/\/www.biosferaeduca.com\/wp-content\/uploads\/2023\/10\/FotoINVACAT.jpg\" alt class=\"img-responsive wp-image-1947\" srcset=\"https:\/\/www.biosferaeduca.com\/wp-content\/uploads\/2023\/10\/FotoINVACAT-200x113.jpg 200w, https:\/\/www.biosferaeduca.com\/wp-content\/uploads\/2023\/10\/FotoINVACAT-400x225.jpg 400w, https:\/\/www.biosferaeduca.com\/wp-content\/uploads\/2023\/10\/FotoINVACAT-600x338.jpg 600w, https:\/\/www.biosferaeduca.com\/wp-content\/uploads\/2023\/10\/FotoINVACAT-800x450.jpg 800w, https:\/\/www.biosferaeduca.com\/wp-content\/uploads\/2023\/10\/FotoINVACAT.jpg 1000w\" sizes=\"(max-width: 640px) 100vw, 600px\" \/><\/span><\/div><div class=\"fusion-text fusion-text-8\"><p>LAS ESPECIES EX\u00d3TICAS INVASORAS EN LOS ECOSISTEMAS NATURALES DE CATALU\u00d1A: SENSIBILIZACI\u00d3N AMBIENTAL Y CAMPA\u00d1AS DE ERRADICACI\u00d3N<\/p>\n<p><em>Con el apoyo de:<\/em> Departament de Territori i Sostenibilitat, Generalitat de Catalunya.<\/p>\n<p><a href=\"https:\/\/biosferaeduca.com\/invacat\/\" target=\"_blank\" rel=\"noopener\">P\u00e1gina web del proyecto<\/a><\/p>\n<\/div><\/div><\/div><div class=\"fusion-layout-column fusion_builder_column fusion-builder-column-9 fusion_builder_column_1_2 1_2 fusion-flex-column\" style=\"--awb-bg-size:cover;--awb-width-large:50%;--awb-margin-top-large:0px;--awb-spacing-right-large:3.84%;--awb-margin-bottom-large:20px;--awb-spacing-left-large:3.84%;--awb-width-medium:50%;--awb-order-medium:0;--awb-spacing-right-medium:3.84%;--awb-spacing-left-medium:3.84%;--awb-width-small:100%;--awb-order-small:0;--awb-spacing-right-small:1.92%;--awb-spacing-left-small:1.92%;\"><div class=\"fusion-column-wrapper fusion-column-has-shadow fusion-flex-justify-content-flex-start fusion-content-layout-column\"><div class=\"fusion-title title fusion-title-10 fusion-sep-none fusion-title-text fusion-title-size-four\"><h4 class=\"fusion-title-heading title-heading-left fusion-responsive-typography-calculated\" style=\"margin:0;--fontSize:24;line-height:var(--awb-typography1-line-height);\"><p style=\"text-align: center;\">INVAQUA2<\/p><\/h4><\/div><div class=\"fusion-image-element \" style=\"text-align:left;--awb-caption-title-font-family:var(--h2_typography-font-family);--awb-caption-title-font-weight:var(--h2_typography-font-weight);--awb-caption-title-font-style:var(--h2_typography-font-style);--awb-caption-title-size:var(--h2_typography-font-size);--awb-caption-title-transform:var(--h2_typography-text-transform);--awb-caption-title-line-height:var(--h2_typography-line-height);--awb-caption-title-letter-spacing:var(--h2_typography-letter-spacing);\"><span class=\" fusion-imageframe imageframe-none imageframe-8 hover-type-none\" style=\"border-radius:10px;\"><img decoding=\"async\" width=\"1000\" height=\"563\" title=\"FotoINVAQUA2\" src=\"https:\/\/www.biosferaeduca.com\/wp-content\/uploads\/2023\/10\/FotoINVAQUA2.jpg\" alt class=\"img-responsive wp-image-1944\" srcset=\"https:\/\/www.biosferaeduca.com\/wp-content\/uploads\/2023\/10\/FotoINVAQUA2-200x113.jpg 200w, https:\/\/www.biosferaeduca.com\/wp-content\/uploads\/2023\/10\/FotoINVAQUA2-400x225.jpg 400w, https:\/\/www.biosferaeduca.com\/wp-content\/uploads\/2023\/10\/FotoINVAQUA2-600x338.jpg 600w, https:\/\/www.biosferaeduca.com\/wp-content\/uploads\/2023\/10\/FotoINVAQUA2-800x450.jpg 800w, https:\/\/www.biosferaeduca.com\/wp-content\/uploads\/2023\/10\/FotoINVAQUA2.jpg 1000w\" sizes=\"(max-width: 640px) 100vw, 600px\" \/><\/span><\/div><div class=\"fusion-text fusion-text-9\"><p>LAS ESPECIES EX\u00d3TICAS INVASORAS EN LOS ECOSISTEMAS ACU\u00c1TICOS DE CATALU\u00d1A: EDUCACI\u00d3N Y SENSIBILIZACI\u00d3N AMBIENTAL PARA MITIGAR SU PROLIFERACI\u00d3N<\/p>\n<p><em>Con el apoyo de:<\/em> Departament de Territori i Sostenibilitat, Generalitat de Catalunya.<\/p>\n<p><em>Colaborador:<\/em> Associaci\u00f3 Edulis.<\/p>\n<\/div><\/div><\/div><div class=\"fusion-layout-column fusion_builder_column fusion-builder-column-10 fusion_builder_column_1_2 1_2 fusion-flex-column\" style=\"--awb-bg-size:cover;--awb-width-large:50%;--awb-margin-top-large:0px;--awb-spacing-right-large:3.84%;--awb-margin-bottom-large:20px;--awb-spacing-left-large:3.84%;--awb-width-medium:50%;--awb-order-medium:0;--awb-spacing-right-medium:3.84%;--awb-spacing-left-medium:3.84%;--awb-width-small:100%;--awb-order-small:0;--awb-spacing-right-small:1.92%;--awb-spacing-left-small:1.92%;\"><div class=\"fusion-column-wrapper fusion-column-has-shadow fusion-flex-justify-content-flex-start fusion-content-layout-column\"><div class=\"fusion-title title fusion-title-11 fusion-sep-none fusion-title-text fusion-title-size-four\"><h4 class=\"fusion-title-heading title-heading-left fusion-responsive-typography-calculated\" style=\"margin:0;--fontSize:24;line-height:var(--awb-typography1-line-height);\"><p style=\"text-align: center;\">CARPO 2015<\/p><\/h4><\/div><div class=\"fusion-image-element \" style=\"text-align:left;--awb-caption-title-font-family:var(--h2_typography-font-family);--awb-caption-title-font-weight:var(--h2_typography-font-weight);--awb-caption-title-font-style:var(--h2_typography-font-style);--awb-caption-title-size:var(--h2_typography-font-size);--awb-caption-title-transform:var(--h2_typography-text-transform);--awb-caption-title-line-height:var(--h2_typography-line-height);--awb-caption-title-letter-spacing:var(--h2_typography-letter-spacing);\"><span class=\" fusion-imageframe imageframe-none imageframe-9 hover-type-none\" style=\"border-radius:10px;\"><img decoding=\"async\" width=\"1000\" height=\"563\" title=\"FotoCarpo2015\" src=\"https:\/\/www.biosferaeduca.com\/wp-content\/uploads\/2023\/10\/FotoCarpo2015.jpg\" alt class=\"img-responsive wp-image-1954\" srcset=\"https:\/\/www.biosferaeduca.com\/wp-content\/uploads\/2023\/10\/FotoCarpo2015-200x113.jpg 200w, https:\/\/www.biosferaeduca.com\/wp-content\/uploads\/2023\/10\/FotoCarpo2015-400x225.jpg 400w, https:\/\/www.biosferaeduca.com\/wp-content\/uploads\/2023\/10\/FotoCarpo2015-600x338.jpg 600w, https:\/\/www.biosferaeduca.com\/wp-content\/uploads\/2023\/10\/FotoCarpo2015-800x450.jpg 800w, https:\/\/www.biosferaeduca.com\/wp-content\/uploads\/2023\/10\/FotoCarpo2015.jpg 1000w\" sizes=\"(max-width: 640px) 100vw, 600px\" \/><\/span><\/div><div class=\"fusion-text fusion-text-10\"><p>GESTI\u00d3N DE LA FLORA EX\u00d3TICA INVASORA EN EL PARQUE NATURAL DE JEFE DE CREOS: EDUCACI\u00d3N AMBIENTAL Y CAMPA\u00d1AS DE ERRADICACI\u00d3N<\/p>\n<p><em>Con el apoyo de:<\/em> Departament d\u2019Agricultura, Ramaderia, Pesca, Alimentaci\u00f3 i Medi Natural; Generalitat de Catalunya i el Fons Europeu Agr\u00edcola de Desenvolupament Rural: Europa inverteix en les zones rurals.<\/p>\n<p><em>Colaboradores:<\/em> Parc Natural de Cap de Creus i Ajuntament de Cadaqu\u00e9s.<\/p>\n<\/div><\/div><\/div><div class=\"fusion-layout-column fusion_builder_column fusion-builder-column-11 fusion_builder_column_1_2 1_2 fusion-flex-column\" style=\"--awb-bg-size:cover;--awb-width-large:50%;--awb-margin-top-large:0px;--awb-spacing-right-large:3.84%;--awb-margin-bottom-large:20px;--awb-spacing-left-large:3.84%;--awb-width-medium:50%;--awb-order-medium:0;--awb-spacing-right-medium:3.84%;--awb-spacing-left-medium:3.84%;--awb-width-small:100%;--awb-order-small:0;--awb-spacing-right-small:1.92%;--awb-spacing-left-small:1.92%;\"><div class=\"fusion-column-wrapper fusion-column-has-shadow fusion-flex-justify-content-flex-start fusion-content-layout-column\"><div class=\"fusion-title title fusion-title-12 fusion-sep-none fusion-title-text fusion-title-size-four\"><h4 class=\"fusion-title-heading title-heading-left fusion-responsive-typography-calculated\" style=\"margin:0;--fontSize:24;line-height:var(--awb-typography1-line-height);\"><p style=\"text-align: center;\">INVAQUA<\/p><\/h4><\/div><div class=\"fusion-image-element \" style=\"text-align:left;--awb-caption-title-font-family:var(--h2_typography-font-family);--awb-caption-title-font-weight:var(--h2_typography-font-weight);--awb-caption-title-font-style:var(--h2_typography-font-style);--awb-caption-title-size:var(--h2_typography-font-size);--awb-caption-title-transform:var(--h2_typography-text-transform);--awb-caption-title-line-height:var(--h2_typography-line-height);--awb-caption-title-letter-spacing:var(--h2_typography-letter-spacing);\"><span class=\" fusion-imageframe imageframe-none imageframe-10 hover-type-none\" style=\"border-radius:10px;\"><img decoding=\"async\" width=\"1000\" height=\"563\" title=\"FotoInvaqua\" src=\"https:\/\/www.biosferaeduca.com\/wp-content\/uploads\/2023\/10\/FotoInvaqua.jpg\" alt class=\"img-responsive wp-image-1945\" srcset=\"https:\/\/www.biosferaeduca.com\/wp-content\/uploads\/2023\/10\/FotoInvaqua-200x113.jpg 200w, https:\/\/www.biosferaeduca.com\/wp-content\/uploads\/2023\/10\/FotoInvaqua-400x225.jpg 400w, https:\/\/www.biosferaeduca.com\/wp-content\/uploads\/2023\/10\/FotoInvaqua-600x338.jpg 600w, https:\/\/www.biosferaeduca.com\/wp-content\/uploads\/2023\/10\/FotoInvaqua-800x450.jpg 800w, https:\/\/www.biosferaeduca.com\/wp-content\/uploads\/2023\/10\/FotoInvaqua.jpg 1000w\" sizes=\"(max-width: 640px) 100vw, 600px\" \/><\/span><\/div><div class=\"fusion-text fusion-text-11\"><p>LAS ESPECIES EX\u00d3TICAS INVASORAS EN LOS ECOSISTEMAS ACU\u00c1TICOS<\/p>\n<p><em>Con el apoyo de:<\/em> Departament de Territori i Sostenibilitat, Generalitat de Catalunya.<\/p>\n<p><em>Colaborador:<\/em> Associaci\u00f3 Edulis.<\/p>\n<\/div><\/div><\/div><div class=\"fusion-layout-column fusion_builder_column fusion-builder-column-12 fusion_builder_column_1_2 1_2 fusion-flex-column\" style=\"--awb-bg-size:cover;--awb-width-large:50%;--awb-margin-top-large:0px;--awb-spacing-right-large:3.84%;--awb-margin-bottom-large:20px;--awb-spacing-left-large:3.84%;--awb-width-medium:50%;--awb-order-medium:0;--awb-spacing-right-medium:3.84%;--awb-spacing-left-medium:3.84%;--awb-width-small:100%;--awb-order-small:0;--awb-spacing-right-small:1.92%;--awb-spacing-left-small:1.92%;\"><div class=\"fusion-column-wrapper fusion-column-has-shadow fusion-flex-justify-content-flex-start fusion-content-layout-column\"><div class=\"fusion-title title fusion-title-13 fusion-sep-none fusion-title-text fusion-title-size-four\"><h4 class=\"fusion-title-heading title-heading-left fusion-responsive-typography-calculated\" style=\"margin:0;--fontSize:24;line-height:var(--awb-typography1-line-height);\"><p style=\"text-align: center;\">PADRILLOB<\/p><\/h4><\/div><div class=\"fusion-image-element \" style=\"text-align:left;--awb-caption-title-font-family:var(--h2_typography-font-family);--awb-caption-title-font-weight:var(--h2_typography-font-weight);--awb-caption-title-font-style:var(--h2_typography-font-style);--awb-caption-title-size:var(--h2_typography-font-size);--awb-caption-title-transform:var(--h2_typography-text-transform);--awb-caption-title-line-height:var(--h2_typography-line-height);--awb-caption-title-letter-spacing:var(--h2_typography-letter-spacing);\"><span class=\" fusion-imageframe imageframe-none imageframe-11 hover-type-none\" style=\"border-radius:10px;\"><img decoding=\"async\" width=\"1000\" height=\"563\" title=\"FotoPadrillob\" src=\"https:\/\/www.biosferaeduca.com\/wp-content\/uploads\/2023\/10\/FotoPadrillob.jpg\" alt class=\"img-responsive wp-image-1943\" srcset=\"https:\/\/www.biosferaeduca.com\/wp-content\/uploads\/2023\/10\/FotoPadrillob-200x113.jpg 200w, https:\/\/www.biosferaeduca.com\/wp-content\/uploads\/2023\/10\/FotoPadrillob-400x225.jpg 400w, https:\/\/www.biosferaeduca.com\/wp-content\/uploads\/2023\/10\/FotoPadrillob-600x338.jpg 600w, https:\/\/www.biosferaeduca.com\/wp-content\/uploads\/2023\/10\/FotoPadrillob-800x450.jpg 800w, https:\/\/www.biosferaeduca.com\/wp-content\/uploads\/2023\/10\/FotoPadrillob.jpg 1000w\" sizes=\"(max-width: 640px) 100vw, 600px\" \/><\/span><\/div><div class=\"fusion-text fusion-text-12\"><p>EDUCACI\u00d3N AMBIENTAL Y PARTICIPACI\u00d3N CIUDADANA COMO HERRAMIENTAS PARA LA CONSERVACI\u00d3N Y RESTAURACI\u00d3N DEL ECOSISTEMA FLUVIAL DEL R\u00cdO LLOBREGAT EN L&#8217;HOSPITALET<\/p>\n<p><em>Con el soporte de:<\/em> \u00c0rea de Territori i Sostenibilitat, Diputaci\u00f3 de Barcelona.<\/p>\n<\/div><\/div><\/div><div class=\"fusion-layout-column fusion_builder_column fusion-builder-column-13 fusion_builder_column_1_2 1_2 fusion-flex-column\" style=\"--awb-bg-size:cover;--awb-width-large:50%;--awb-margin-top-large:0px;--awb-spacing-right-large:3.84%;--awb-margin-bottom-large:20px;--awb-spacing-left-large:3.84%;--awb-width-medium:50%;--awb-order-medium:0;--awb-spacing-right-medium:3.84%;--awb-spacing-left-medium:3.84%;--awb-width-small:100%;--awb-order-small:0;--awb-spacing-right-small:1.92%;--awb-spacing-left-small:1.92%;\"><div class=\"fusion-column-wrapper fusion-column-has-shadow fusion-flex-justify-content-flex-start fusion-content-layout-column\"><div class=\"fusion-title title fusion-title-14 fusion-sep-none fusion-title-text fusion-title-size-four\"><h4 class=\"fusion-title-heading title-heading-left fusion-responsive-typography-calculated\" style=\"margin:0;--fontSize:24;line-height:var(--awb-typography1-line-height);\"><p style=\"text-align: center;\">CARPOBROTUS<\/p><\/h4><\/div><div class=\"fusion-image-element \" style=\"text-align:left;--awb-caption-title-font-family:var(--h2_typography-font-family);--awb-caption-title-font-weight:var(--h2_typography-font-weight);--awb-caption-title-font-style:var(--h2_typography-font-style);--awb-caption-title-size:var(--h2_typography-font-size);--awb-caption-title-transform:var(--h2_typography-text-transform);--awb-caption-title-line-height:var(--h2_typography-line-height);--awb-caption-title-letter-spacing:var(--h2_typography-letter-spacing);\"><span class=\" fusion-imageframe imageframe-none imageframe-12 hover-type-none\" style=\"border-radius:10px;\"><img decoding=\"async\" width=\"1000\" height=\"563\" title=\"FotoCarpobrotus\" src=\"https:\/\/www.biosferaeduca.com\/wp-content\/uploads\/2023\/10\/FotoCarpobrotus.jpg\" alt class=\"img-responsive wp-image-1953\" srcset=\"https:\/\/www.biosferaeduca.com\/wp-content\/uploads\/2023\/10\/FotoCarpobrotus-200x113.jpg 200w, https:\/\/www.biosferaeduca.com\/wp-content\/uploads\/2023\/10\/FotoCarpobrotus-400x225.jpg 400w, https:\/\/www.biosferaeduca.com\/wp-content\/uploads\/2023\/10\/FotoCarpobrotus-600x338.jpg 600w, https:\/\/www.biosferaeduca.com\/wp-content\/uploads\/2023\/10\/FotoCarpobrotus-800x450.jpg 800w, https:\/\/www.biosferaeduca.com\/wp-content\/uploads\/2023\/10\/FotoCarpobrotus.jpg 1000w\" sizes=\"(max-width: 640px) 100vw, 600px\" \/><\/span><\/div><div class=\"fusion-text fusion-text-13\"><p>PLAN DE CONTROL Y ERRADICACI\u00d3N DE LA PLANTA INVASORA CARPOBROTUS SPP. (UNGLA DE GATO) EN EL PARQUE NATURAL DE JEFE DE CREUS<\/p>\n<p><em>Con el apoyo de:<\/em> Fundaci\u00f3n Biodiverdidad, Ministerio de Agricultura, Alimentaci\u00f3n y Medio Ambiente, Gobierno de Espa\u00f1a.<\/p>\n<p><em>Colaboradores:<\/em> Parc Natural de Cap de Creus i Ajuntament de Cadaqu\u00e9s.<\/p>\n<\/div><\/div><\/div><div class=\"fusion-layout-column fusion_builder_column fusion-builder-column-14 fusion_builder_column_1_2 1_2 fusion-flex-column\" style=\"--awb-bg-size:cover;--awb-width-large:50%;--awb-margin-top-large:0px;--awb-spacing-right-large:3.84%;--awb-margin-bottom-large:20px;--awb-spacing-left-large:3.84%;--awb-width-medium:50%;--awb-order-medium:0;--awb-spacing-right-medium:3.84%;--awb-spacing-left-medium:3.84%;--awb-width-small:100%;--awb-order-small:0;--awb-spacing-right-small:1.92%;--awb-spacing-left-small:1.92%;\"><div class=\"fusion-column-wrapper fusion-column-has-shadow fusion-flex-justify-content-flex-start fusion-content-layout-column\"><div class=\"fusion-title title fusion-title-15 fusion-sep-none fusion-title-text fusion-title-size-four\"><h4 class=\"fusion-title-heading title-heading-left fusion-responsive-typography-calculated\" style=\"margin:0;--fontSize:24;line-height:var(--awb-typography1-line-height);\"><p style=\"text-align: center;\">GORG\u00d2NIES<\/p><\/h4><\/div><div class=\"fusion-image-element \" style=\"text-align:left;--awb-caption-title-font-family:var(--h2_typography-font-family);--awb-caption-title-font-weight:var(--h2_typography-font-weight);--awb-caption-title-font-style:var(--h2_typography-font-style);--awb-caption-title-size:var(--h2_typography-font-size);--awb-caption-title-transform:var(--h2_typography-text-transform);--awb-caption-title-line-height:var(--h2_typography-line-height);--awb-caption-title-letter-spacing:var(--h2_typography-letter-spacing);\"><span class=\" fusion-imageframe imageframe-none imageframe-13 hover-type-none\" style=\"border-radius:10px;\"><img decoding=\"async\" width=\"1000\" height=\"563\" title=\"FotoGorgonies\" src=\"https:\/\/www.biosferaeduca.com\/wp-content\/uploads\/2023\/10\/FotoGorgonies.jpg\" alt class=\"img-responsive wp-image-1949\" srcset=\"https:\/\/www.biosferaeduca.com\/wp-content\/uploads\/2023\/10\/FotoGorgonies-200x113.jpg 200w, https:\/\/www.biosferaeduca.com\/wp-content\/uploads\/2023\/10\/FotoGorgonies-400x225.jpg 400w, https:\/\/www.biosferaeduca.com\/wp-content\/uploads\/2023\/10\/FotoGorgonies-600x338.jpg 600w, https:\/\/www.biosferaeduca.com\/wp-content\/uploads\/2023\/10\/FotoGorgonies-800x450.jpg 800w, https:\/\/www.biosferaeduca.com\/wp-content\/uploads\/2023\/10\/FotoGorgonies.jpg 1000w\" sizes=\"(max-width: 640px) 100vw, 600px\" \/><\/span><\/div><div class=\"fusion-text fusion-text-14\"><p>CONSERVACI\u00d3N DE LOS BOSQUES DE GORGONIAS ANTE LOS IMPACTOS DEL CAMBIO CLIM\u00c1TICO<\/p>\n<p><em>Con el apoyo de:<\/em> Departament d\u2019Agricultura, Ramaderia, Pesca i Medi Natural, Generalitat de Catalunya.<\/p>\n<p><em>Colaborador:<\/em> Parc Natural de Cap de Creus.<\/p>\n<\/div><\/div><\/div><div class=\"fusion-layout-column fusion_builder_column fusion-builder-column-15 fusion_builder_column_1_2 1_2 fusion-flex-column\" style=\"--awb-bg-size:cover;--awb-width-large:50%;--awb-margin-top-large:0px;--awb-spacing-right-large:3.84%;--awb-margin-bottom-large:20px;--awb-spacing-left-large:3.84%;--awb-width-medium:50%;--awb-order-medium:0;--awb-spacing-right-medium:3.84%;--awb-spacing-left-medium:3.84%;--awb-width-small:100%;--awb-order-small:0;--awb-spacing-right-small:1.92%;--awb-spacing-left-small:1.92%;\"><div class=\"fusion-column-wrapper fusion-column-has-shadow fusion-flex-justify-content-flex-start fusion-content-layout-column\"><div class=\"fusion-title title fusion-title-16 fusion-sep-none fusion-title-text fusion-title-size-four\"><h4 class=\"fusion-title-heading title-heading-left fusion-responsive-typography-calculated\" style=\"margin:0;--fontSize:24;line-height:var(--awb-typography1-line-height);\"><p style=\"text-align: center;\">CLADOCORA<\/p><\/h4><\/div><div class=\"fusion-image-element \" style=\"text-align:left;--awb-caption-title-font-family:var(--h2_typography-font-family);--awb-caption-title-font-weight:var(--h2_typography-font-weight);--awb-caption-title-font-style:var(--h2_typography-font-style);--awb-caption-title-size:var(--h2_typography-font-size);--awb-caption-title-transform:var(--h2_typography-text-transform);--awb-caption-title-line-height:var(--h2_typography-line-height);--awb-caption-title-letter-spacing:var(--h2_typography-letter-spacing);\"><span class=\" fusion-imageframe imageframe-none imageframe-14 hover-type-none\" style=\"border-radius:10px;\"><img decoding=\"async\" width=\"1000\" height=\"563\" title=\"FotoCladocora\" src=\"https:\/\/www.biosferaeduca.com\/wp-content\/uploads\/2023\/10\/FotoCladocora.jpg\" alt class=\"img-responsive wp-image-1952\" srcset=\"https:\/\/www.biosferaeduca.com\/wp-content\/uploads\/2023\/10\/FotoCladocora-200x113.jpg 200w, https:\/\/www.biosferaeduca.com\/wp-content\/uploads\/2023\/10\/FotoCladocora-400x225.jpg 400w, https:\/\/www.biosferaeduca.com\/wp-content\/uploads\/2023\/10\/FotoCladocora-600x338.jpg 600w, https:\/\/www.biosferaeduca.com\/wp-content\/uploads\/2023\/10\/FotoCladocora-800x450.jpg 800w, https:\/\/www.biosferaeduca.com\/wp-content\/uploads\/2023\/10\/FotoCladocora.jpg 1000w\" sizes=\"(max-width: 640px) 100vw, 600px\" \/><\/span><\/div><div class=\"fusion-text fusion-text-15\"><p>TOWARDS THE DISCOVERY AND CONSERVATION OF NEW BANK OF THE ENDEMIC AND ENDANGERED REEF-BUILDER CORAL CLADOCORA CAESPITOSA IN THE MEDITERRANEAN SEA<\/p>\n<p><em>Con el apoyo de:<\/em> PADI Foundation.<\/p>\n<\/div><\/div><\/div><\/div><\/div><\/p>\n","protected":false},"excerpt":{"rendered":"","protected":false},"author":1,"featured_media":0,"parent":0,"menu_order":0,"comment_status":"closed","ping_status":"closed","template":"100-width.php","meta":{"footnotes":""},"class_list":["post-1975","page","type-page","status-publish","hentry"],"_links":{"self":[{"href":"https:\/\/www.biosferaeduca.com\/es\/wp-json\/wp\/v2\/pages\/1975","targetHints":{"allow":["GET"]}}],"collection":[{"href":"https:\/\/www.biosferaeduca.com\/es\/wp-json\/wp\/v2\/pages"}],"about":[{"href":"https:\/\/www.biosferaeduca.com\/es\/wp-json\/wp\/v2\/types\/page"}],"author":[{"embeddable":true,"href":"https:\/\/www.biosferaeduca.com\/es\/wp-json\/wp\/v2\/users\/1"}],"replies":[{"embeddable":true,"href":"https:\/\/www.biosferaeduca.com\/es\/wp-json\/wp\/v2\/comments?post=1975"}],"version-history":[{"count":2,"href":"https:\/\/www.biosferaeduca.com\/es\/wp-json\/wp\/v2\/pages\/1975\/revisions"}],"predecessor-version":[{"id":2172,"href":"https:\/\/www.biosferaeduca.com\/es\/wp-json\/wp\/v2\/pages\/1975\/revisions\/2172"}],"wp:attachment":[{"href":"https:\/\/www.biosferaeduca.com\/es\/wp-json\/wp\/v2\/media?parent=1975"}],"curies":[{"name":"wp","href":"https:\/\/api.w.org\/{rel}","templated":true}]}}